{"id":507,"date":"2024-06-05T21:11:09","date_gmt":"2024-06-06T00:11:09","guid":{"rendered":"https:\/\/radiovilardevoz.org\/?page_id=507"},"modified":"2025-08-21T11:35:02","modified_gmt":"2025-08-21T14:35:02","slug":"libros","status":"publish","type":"page","link":"https:\/\/radiovilardevoz.org\/?page_id=507","title":{"rendered":"Libros"},"content":{"rendered":"<h4 style=\"text-align: center;\"><strong>Libro de Cecilia Baroni<\/strong><\/h4>\n<p style=\"text-align: center;\">Una cartograf\u00eda antimanicomial<\/p>\n<p style=\"text-align: center;\">Historias de la locura en Uruguay (1985-2017)<\/p>\n<p><img fetchpriority=\"high\" decoding=\"async\" class=\"alignnone size-medium wp-image-2826 foto\" src=\"https:\/\/radiovilardevoz.org\/wp-content\/uploads\/2025\/07\/tapa-libro-baroni-min-211x300.png\" alt=\"\" width=\"211\" height=\"300\" srcset=\"https:\/\/radiovilardevoz.org\/wp-content\/uploads\/2025\/07\/tapa-libro-baroni-min-211x300.png 211w, https:\/\/radiovilardevoz.org\/wp-content\/uploads\/2025\/07\/tapa-libro-baroni-min.png 302w\" sizes=\"(max-width: 211px) 100vw, 211px\" \/><\/p>\n<p style=\"text-align: center;\"><strong><a href=\"https:\/\/radiovilardevoz.org\/wp-content\/uploads\/2025\/07\/Baroni_Una_cartografia_antimanicomial_PSI-1.pdf\" target=\"_blanck\">Baroni_Una_cartografi\u0301a_antimanicomial_PSI-1<\/a><\/strong><\/p>\n<hr \/>\n<p>&nbsp;<\/p>\n<h1 class=\"pos-title\">Princesa Inca<\/h1>\n<div class=\"floatbox\">\n<div class=\"pos-media media-right\">\n<div class=\"element element-image first last\"><a title=\"Princesa Inca\" href=\"https:\/\/www.soypoeta.com\/directorios\/escritor\/princesa-inca\"> <img decoding=\"async\" class=\"foto\" title=\"Princesa Inca\" src=\"https:\/\/www.soypoeta.com\/cache\/com_zoo\/images\/princesa-inca-300-01_2345868edbefdb226cff1d04164c9659.jpg\" alt=\"Princesa Inca\" width=\"300\" height=\"203\" \/> <\/a><\/div>\n<\/div>\n<div class=\"pos-content\">\n<div class=\"element element-location \">\n<h5>Poeta<\/h5>\n<h5>Lugar de nacimiento: Barcelona, Espa\u00f1a<\/h5>\n<\/div>\n<div class=\"element element-link \">\n<h5>Web:\u00a0<a href=\"https:\/\/laprincesainca.blogspot.com\/\" target=\"_blanck\">https:\/\/laprincesainca.blogspot.com\/<\/a><\/h5>\n<\/div>\n<div class=\"element element-textarea last\">\n<h3>Biograf\u00eda<\/h3>\n<div>\n<p><b>Princesa Inca <\/b>(Cristina Mart\u00edn) naci\u00f3 en Barcelona en 1979. Es jardinera y estudiante de Psicolog\u00eda en la Universidad de Barcelona, y ha participado en el colectivo po\u00e9tico Haloperidol Poes\u00eda. Desde hace 20 a\u00f1os es activista en Salud Mental y miembro de la Asociaci\u00f3n Sociocultural Radio Nikosia, que tiene como misi\u00f3n luchar contra la estigmatizaci\u00f3n de las enfermedades mentales en la sociedad. Colabor\u00f3 semanalmente en el programa La Ventana, de la Cadena Ser. <i>La mujer-precipicio<\/i> es su primer libro de poemas y tambi\u00e9n son de su autor\u00eda los libros: Crujido, Hija del aullido, Dormidos en el nunca, Trazar el vac\u00edo.<\/p>\n<p>Su Facebook es: Princesa Inca\u00a0y su Instagram: @princesainca1979<\/p>\n<hr \/>\n<p>Cristina, la Princesa Inca nos env\u00eda un saludo a radio Vilardevoz:<\/p>\n<audio class=\"wp-audio-shortcode\" id=\"audio-507-1\" preload=\"none\" style=\"width: 100%;\" controls=\"controls\"><source type=\"audio\/mpeg\" src=\"https:\/\/radiovilardevoz.org\/wp-content\/uploads\/2025\/07\/saludo-princesa-inca.mp3?_=1\" \/><a href=\"https:\/\/radiovilardevoz.org\/wp-content\/uploads\/2025\/07\/saludo-princesa-inca.mp3\">https:\/\/radiovilardevoz.org\/wp-content\/uploads\/2025\/07\/saludo-princesa-inca.mp3<\/a><\/audio>\n<hr \/>\n<p style=\"text-align: center;\"><strong>\u00abNo existe la locura sino gente que sue\u00f1a despierta\u00bb. Cristina Mart\u00edn es conocida como Princesa Inca. Cristina nos habla de la locura y sus estigmatizaciones, de las farmaceuticas y los psiquiatras, todo, amenizado con algunas de sus poes\u00edas. Locura y poes\u00eda, no me diga\u00eds que no es excitante.<\/strong><\/p>\n<p class=\"style-scope ytd-watch-metadata\" style=\"text-align: center;\"><strong>Entrevista a Cristina Mart\u00edn, la Princesa Inca<\/strong><\/p>\n<p><iframe class=\"video\" title=\"YouTube video player\" src=\"https:\/\/www.youtube.com\/embed\/cywwh041PCY?si=cCBPhHPdchRDIgl3\" width=\"560\" height=\"315\" frameborder=\"0\" allowfullscreen=\"allowfullscreen\"><\/iframe><\/p>\n<p>&nbsp;<\/p>\n<hr \/>\n<p style=\"text-align: center;\"><strong>Poemas en video de Princesa Inca<\/strong><\/p>\n<p style=\"text-align: center;\"><strong>\u00a0Y NO SON LOCOS<\/strong><\/p>\n<div class=\"centrar\">\n<div style=\"width: 640px;\" class=\"wp-video\"><video class=\"short\" id=\"video-507-1\" width=\"640\" height=\"360\" preload=\"metadata\" controls=\"controls\"><source type=\"video\/mp4\" src=\"https:\/\/radiovilardevoz.org\/wp-content\/uploads\/2025\/06\/Y-NO-SON-LOCOS-\uff5c-By-Princesa.mp4?_=1\" \/><a href=\"https:\/\/radiovilardevoz.org\/wp-content\/uploads\/2025\/06\/Y-NO-SON-LOCOS-\uff5c-By-Princesa.mp4\">https:\/\/radiovilardevoz.org\/wp-content\/uploads\/2025\/06\/Y-NO-SON-LOCOS-\uff5c-By-Princesa.mp4<\/a><\/video><\/div>\n<\/div>\n<p style=\"text-align: center;\"><strong>POEMA; SIN REBA\u00d1O<\/strong><\/p>\n<div class=\"centrar\">\n<div style=\"width: 640px;\" class=\"wp-video\"><video class=\"video\" id=\"video-507-2\" width=\"640\" height=\"360\" preload=\"metadata\" controls=\"controls\"><source type=\"video\/mp4\" src=\"https:\/\/radiovilardevoz.org\/wp-content\/uploads\/2025\/06\/POEMA-SIN-REBANO-\uff5c-By-Princesa.mp4?_=2\" \/><a href=\"https:\/\/radiovilardevoz.org\/wp-content\/uploads\/2025\/06\/POEMA-SIN-REBANO-\uff5c-By-Princesa.mp4\">https:\/\/radiovilardevoz.org\/wp-content\/uploads\/2025\/06\/POEMA-SIN-REBANO-\uff5c-By-Princesa.mp4<\/a><\/video><\/div>\n<\/div>\n<p style=\"text-align: center;\"><strong>Por eso escribo &#8211; poes\u00eda<\/strong><\/p>\n<div class=\"centrar\">\n<div style=\"width: 640px;\" class=\"wp-video\"><video class=\"video\" id=\"video-507-3\" width=\"640\" height=\"360\" preload=\"metadata\" controls=\"controls\"><source type=\"video\/mp4\" src=\"https:\/\/radiovilardevoz.org\/wp-content\/uploads\/2025\/06\/Por-eso-escribo-poesia.-\uff5c-By-Princesa.mp4?_=3\" \/><a href=\"https:\/\/radiovilardevoz.org\/wp-content\/uploads\/2025\/06\/Por-eso-escribo-poesia.-\uff5c-By-Princesa.mp4\">https:\/\/radiovilardevoz.org\/wp-content\/uploads\/2025\/06\/Por-eso-escribo-poesia.-\uff5c-By-Princesa.mp4<\/a><\/video><\/div>\n<\/div>\n<p style=\"text-align: center;\"><strong>Se amaron, lo vimos, fue as\u00ed<\/strong><\/p>\n<div class=\"centrar\">\n<div style=\"width: 640px;\" class=\"wp-video\"><video class=\"video\" id=\"video-507-4\" width=\"640\" height=\"360\" preload=\"metadata\" controls=\"controls\"><source type=\"video\/mp4\" src=\"https:\/\/radiovilardevoz.org\/wp-content\/uploads\/2025\/06\/SE-AMARON-LO-VIMOS-FUE-ASI.-\uff5c-By-Princesa.mp4?_=4\" \/><a href=\"https:\/\/radiovilardevoz.org\/wp-content\/uploads\/2025\/06\/SE-AMARON-LO-VIMOS-FUE-ASI.-\uff5c-By-Princesa.mp4\">https:\/\/radiovilardevoz.org\/wp-content\/uploads\/2025\/06\/SE-AMARON-LO-VIMOS-FUE-ASI.-\uff5c-By-Princesa.mp4<\/a><\/video><\/div>\n<\/div>\n<p style=\"text-align: center;\"><strong>\u00a1VENCIMOS! (Las locas crearon la primavera)<\/strong><\/p>\n<div class=\"centrar\">\n<div style=\"width: 640px;\" class=\"wp-video\"><video class=\"video\" id=\"video-507-5\" width=\"640\" height=\"360\" preload=\"metadata\" controls=\"controls\"><source type=\"video\/mp4\" src=\"https:\/\/radiovilardevoz.org\/wp-content\/uploads\/2025\/06\/\u00a1VENCIMOS-Las-locas-crearon-la-primavera-\uff5c-By-Princesa.mp4?_=5\" \/><a href=\"https:\/\/radiovilardevoz.org\/wp-content\/uploads\/2025\/06\/\u00a1VENCIMOS-Las-locas-crearon-la-primavera-\uff5c-By-Princesa.mp4\">https:\/\/radiovilardevoz.org\/wp-content\/uploads\/2025\/06\/\u00a1VENCIMOS-Las-locas-crearon-la-primavera-\uff5c-By-Princesa.mp4<\/a><\/video><\/div><\/p>\n<\/div>\n<p>&nbsp;<\/p>\n<p style=\"text-align: center;\">\n<\/div>\n<\/div>\n<\/div>\n<hr \/>\n<h4 style=\"text-align: center;\"><strong>M\u00e1s libros de Thomas Szasz<\/strong><\/h4>\n<p><img decoding=\"async\" class=\"alignnone size-full wp-image-2473 foto\" src=\"https:\/\/radiovilardevoz.org\/wp-content\/uploads\/2025\/05\/fabricacion-de-la-locura-min.jpg\" alt=\"\" width=\"176\" height=\"286\" \/><\/p>\n<p style=\"text-align: center;\"><strong><a href=\"https:\/\/radiovilardevoz.org\/wp-content\/uploads\/2025\/05\/Szasz-Thomas-La-Fabricacion-De-La-Locura.pdf\" target=\"_blank\" rel=\"noopener noreferrer\">Szasz Thomas &#8211; La Fabricacion De La Locura<\/a><\/strong><\/p>\n<hr \/>\n<p><img loading=\"lazy\" decoding=\"async\" class=\"alignnone size-full wp-image-2474 foto\" src=\"https:\/\/radiovilardevoz.org\/wp-content\/uploads\/2025\/05\/la-teologia-de-la-medicina-min.jpg\" alt=\"\" width=\"194\" height=\"259\" \/><\/p>\n<p style=\"text-align: center;\"><a href=\"https:\/\/radiovilardevoz.org\/wp-content\/uploads\/2025\/05\/Szasz-Thomas-La-Teologia-De-La-Medicina.pdf\" target=\"_blank\" rel=\"noopener noreferrer\"><strong>Szasz Thomas &#8211; La Teologia De La Medicina<\/strong><\/a><\/p>\n<hr \/>\n<p><img loading=\"lazy\" decoding=\"async\" class=\"alignnone size-full wp-image-2472 foto\" src=\"https:\/\/radiovilardevoz.org\/wp-content\/uploads\/2025\/05\/esquizofrenia-min.jpg\" alt=\"\" width=\"183\" height=\"276\" \/><\/p>\n<p style=\"text-align: center;\"><a href=\"https:\/\/radiovilardevoz.org\/wp-content\/uploads\/2025\/05\/Szasz-Thomas-Esquizofrenia.pdf\" target=\"_blank\" rel=\"noopener noreferrer\"><strong>Szasz Thomas &#8211; Esquizofrenia<\/strong><\/a><\/p>\n<hr \/>\n<h4><strong>Libros de Michel Foucault<\/strong><\/h4>\n<p><img loading=\"lazy\" decoding=\"async\" class=\"alignnone size-full wp-image-2439 foto\" src=\"https:\/\/radiovilardevoz.org\/wp-content\/uploads\/2025\/05\/foucault-vigilar-castigar-min.jpg\" alt=\"\" width=\"179\" height=\"281\" \/><\/p>\n<p style=\"text-align: center;\"><a href=\"https:\/\/radiovilardevoz.org\/wp-content\/uploads\/2025\/05\/FOUCAULT-MICHEL-Vigilar-Y-Castigar.pdf\" target=\"_blank\" rel=\"noopener noreferrer\"><strong>FOUCAULT MICHEL &#8211; Vigilar Y Castigar<\/strong><\/a><\/p>\n<hr \/>\n<p><img loading=\"lazy\" decoding=\"async\" class=\"alignnone size-full wp-image-2440 foto\" src=\"https:\/\/radiovilardevoz.org\/wp-content\/uploads\/2025\/05\/foucault-yo-pierre-riviere-min.jpg\" alt=\"\" width=\"172\" height=\"292\" \/><\/p>\n<p style=\"text-align: center;\"><a href=\"https:\/\/radiovilardevoz.org\/wp-content\/uploads\/2025\/05\/Foucault-Michel-Yo-Pierre-Riviere-pdf.pdf\" target=\"_blank\" rel=\"noopener noreferrer\"><strong>Foucault, Michel &#8211; Yo Pierre Riviere [pdf]<\/strong><\/a><\/p>\n<hr \/>\n<h4><strong>Libros de David Cooper<\/strong><\/h4>\n<p><img loading=\"lazy\" decoding=\"async\" class=\"alignnone size-full wp-image-2436 foto\" src=\"https:\/\/radiovilardevoz.org\/wp-content\/uploads\/2025\/05\/cooper-el-lenguaje-de-la-locura-min.jpg\" alt=\"\" width=\"177\" height=\"285\" \/><\/p>\n<p style=\"text-align: center;\"><a href=\"https:\/\/radiovilardevoz.org\/wp-content\/uploads\/2025\/05\/Cooper-David-El-Lenguaje-De-La-Locura.pdf\" target=\"_blank\" rel=\"noopener noreferrer\"><strong>Cooper David &#8211; El Lenguaje De La Locura<\/strong><\/a><\/p>\n<hr \/>\n<p><img loading=\"lazy\" decoding=\"async\" class=\"alignnone size-full wp-image-2437 foto\" src=\"https:\/\/radiovilardevoz.org\/wp-content\/uploads\/2025\/05\/cooper-la-muerte-de-la-familia-min.jpg\" alt=\"\" width=\"182\" height=\"277\" \/><\/p>\n<p style=\"text-align: center;\"><a href=\"https:\/\/radiovilardevoz.org\/wp-content\/uploads\/2025\/05\/Cooper-David-La-Muerte-De-La-Familia.pdf\" target=\"_blank\" rel=\"noopener noreferrer\"><strong>Cooper David &#8211; La Muerte De La Familia<\/strong><\/a><\/p>\n<hr \/>\n<p><img loading=\"lazy\" decoding=\"async\" class=\"alignnone size-full wp-image-2438 foto\" src=\"https:\/\/radiovilardevoz.org\/wp-content\/uploads\/2025\/05\/cooper-psiquiatria-y-antip-min.jpg\" alt=\"\" width=\"187\" height=\"270\" \/><\/p>\n<p style=\"text-align: center;\"><a href=\"https:\/\/radiovilardevoz.org\/wp-content\/uploads\/2025\/05\/Cooper-David-Psiquiatria-Y-Antipsiquiatria.pdf\" target=\"_blank\" rel=\"noopener noreferrer\"><strong>Cooper David &#8211; Psiquiatria Y Antipsiquiatria<\/strong><\/a><\/p>\n<hr \/>\n<h4 style=\"text-align: center;\"><strong>Libros de Alfredo Moffatt<\/strong><\/h4>\n<p><img loading=\"lazy\" decoding=\"async\" class=\"alignnone size-full wp-image-2435 foto\" src=\"https:\/\/radiovilardevoz.org\/wp-content\/uploads\/2025\/05\/tereapia-de-crisis-moffatt-min.jpg\" alt=\"\" width=\"192\" height=\"263\" \/><\/p>\n<p style=\"text-align: center;\"><a href=\"https:\/\/radiovilardevoz.org\/wp-content\/uploads\/2025\/05\/Moffatt-Alfredo-Terapia-De-Crisis.pdf\" target=\"_blank\" rel=\"noopener noreferrer\"><strong>Moffatt Alfredo &#8211; Terapia De Crisis<\/strong><\/a><\/p>\n<hr \/>\n<p style=\"text-align: center;\"><img loading=\"lazy\" decoding=\"async\" class=\"alignnone size-full wp-image-2433 foto\" src=\"https:\/\/radiovilardevoz.org\/wp-content\/uploads\/2025\/05\/psic-exist-moffatt-min.jpg\" alt=\"\" width=\"137\" height=\"180\" \/><br \/>\n<a href=\"https:\/\/radiovilardevoz.org\/wp-content\/uploads\/2025\/05\/Moffat-Alfredo-Psicoterapia-Existencial-doc.pdf\" target=\"_blank\" rel=\"noopener noreferrer\"><strong>Moffat Alfredo &#8211; Psicoterapia Existencial [doc]<\/strong><\/a><\/p>\n<p style=\"text-align: center;\"><a href=\"https:\/\/radiovilardevoz.org\/wp-content\/uploads\/2025\/05\/Moffatt-Alfredo-Psicoterapia-Existencial-imgenes.pdf\" target=\"_blank\" rel=\"noopener noreferrer\"><strong>Moffatt Alfredo &#8211; Psicoterapia Existencial [imgenes]<\/strong><\/a><\/p>\n<hr \/>\n<p><img loading=\"lazy\" decoding=\"async\" class=\"alignnone size-full wp-image-2434 foto\" src=\"https:\/\/radiovilardevoz.org\/wp-content\/uploads\/2025\/05\/moffat-psict-del-oprimido-min.jpg\" alt=\"\" width=\"194\" height=\"259\" \/><\/p>\n<p style=\"text-align: center;\"><a href=\"https:\/\/radiovilardevoz.org\/wp-content\/uploads\/2025\/05\/Moffatt-Alfredo-Psicoterapia-Del-Oprimido.pdf\" target=\"_blank\" rel=\"noopener noreferrer\"><strong>Moffatt Alfredo &#8211; Psicoterapia Del Oprimido<\/strong><\/a><\/p>\n<hr \/>\n<h4 style=\"text-align: center;\"><strong>Libros de y sobre Franco Basaglia<\/strong><\/h4>\n<p><img loading=\"lazy\" decoding=\"async\" class=\"alignnone size-medium wp-image-2403 foto\" src=\"https:\/\/radiovilardevoz.org\/wp-content\/uploads\/2025\/05\/basaglia-200x300.jpg\" alt=\"\" width=\"200\" height=\"300\" srcset=\"https:\/\/radiovilardevoz.org\/wp-content\/uploads\/2025\/05\/basaglia-200x300.jpg 200w, https:\/\/radiovilardevoz.org\/wp-content\/uploads\/2025\/05\/basaglia.jpg 220w\" sizes=\"(max-width: 200px) 100vw, 200px\" \/><\/p>\n<p style=\"text-align: center;\"><a href=\"https:\/\/radiovilardevoz.org\/wp-content\/uploads\/2025\/05\/Basaglia-Franco-La-Condena-De-Ser-Loco-Y-Pobre.pdf\" target=\"_blank\" rel=\"noopener noreferrer\"><strong>Basaglia Franco &#8211; La Condena De Ser Loco Y Pobre<\/strong><\/a><\/p>\n<hr \/>\n<p><img loading=\"lazy\" decoding=\"async\" class=\"alignnone size-full wp-image-2401 foto\" src=\"https:\/\/radiovilardevoz.org\/wp-content\/uploads\/2025\/05\/descarga-1.jpg\" alt=\"\" width=\"194\" height=\"259\" \/><\/p>\n<p style=\"text-align: center;\"><a href=\"https:\/\/radiovilardevoz.org\/wp-content\/uploads\/2025\/05\/Basaglia-Franco-La-Institucion-Negada.pdf\" target=\"_blank\" rel=\"noopener noreferrer\"><strong>Basaglia Franco &#8211; La Institucion Negada<\/strong><\/a><\/p>\n<hr \/>\n<p><img loading=\"lazy\" decoding=\"async\" class=\"alignnone size-full wp-image-2400 foto\" src=\"https:\/\/radiovilardevoz.org\/wp-content\/uploads\/2025\/05\/descarga-2.jpg\" alt=\"\" width=\"181\" height=\"279\" \/><\/p>\n<p style=\"text-align: center;\"><a href=\"https:\/\/radiovilardevoz.org\/wp-content\/uploads\/2025\/05\/Basaglia-Franco-Los-Crimenes-De-La-Paz.pdf\" target=\"_blank\" rel=\"noopener noreferrer\"><strong>Basaglia Franco &#8211; Los Crimenes De La Paz<\/strong><\/a><\/p>\n<hr \/>\n<h4><strong>Publicaci\u00f3n de la UNESCO en 2024 en el d\u00eda Mundial de la Radio<\/strong><\/h4>\n<p>En dicha publicaci\u00f3n en uno de sus p\u00e1rrafos describe:<\/p>\n<p><strong>\u00ab6. Vilardevoz (Uruguay)<\/strong><\/p>\n<p>Radios de salud mental. Serie Radio ayer, hoy y ma\u00f1ana. D\u00eda Mundial de la Radio 2024.<\/p>\n<p>Radio Vilardevoz funciona desde 1997 en el hospital neuropsiqui\u00e1trico Vilardeb\u00f3 en Montevideo, Uruguay, y se suma a varias experiencias de radio con fines de salud mental que hay en Am\u00e9rica Latina. Hablamos con Cecilia Baroni y Willy, sobre las caracter\u00edsticas de la emisora, y la capacidad de brindar expresi\u00f3n y autoidentificaci\u00f3n a pacientes de salud mental. Adem\u00e1s, conversamos con Tito Ballesteros, coautor junto a Sara Makowski del libro Radio y salud mental en Am\u00e9rica Latina y el Caribe, que nos se\u00f1ala la importancia de La Colifata, experiencia se\u00f1era en la regi\u00f3n y nos describe los proyectos similares que en este momento existen en la regi\u00f3n.<\/p>\n<p>Audios que aparecen: Entre l\u00edneas, Lavander\u00eda china, Sem\u00e1foro feminista, \u00c1guila nocturna (Vilardevoz), y audios de La Colifata (Argentina) y Radio Paranoia (Chile).\u00bb<\/p>\n<p><strong>Audio de las entrevistas:<\/strong><\/p>\n<audio class=\"wp-audio-shortcode\" id=\"audio-507-2\" preload=\"none\" style=\"width: 100%;\" controls=\"controls\"><source type=\"audio\/mpeg\" src=\"https:\/\/radiovilardevoz.org\/wp-content\/uploads\/2025\/05\/Vilardevoz.mp3?_=2\" \/><a href=\"https:\/\/radiovilardevoz.org\/wp-content\/uploads\/2025\/05\/Vilardevoz.mp3\">https:\/\/radiovilardevoz.org\/wp-content\/uploads\/2025\/05\/Vilardevoz.mp3<\/a><\/audio>\n<p>&nbsp;<\/p>\n<p>Compartimos el libro de Tito Ballesteros y Sara Makowski el cual es:<strong> <a href=\"https:\/\/radiovilardevoz.org\/wp-content\/uploads\/2025\/05\/Libro.RadioysaludmentalenAmricaLatina.pdf\" target=\"_blank\" rel=\"noopener noreferrer\">Radio y salud mental en America Latina<\/a><\/strong><\/p>\n<p><img loading=\"lazy\" decoding=\"async\" class=\"alignnone size-medium wp-image-2282 foto\" src=\"https:\/\/radiovilardevoz.org\/wp-content\/uploads\/2025\/05\/Captura-de-pantalla-2025-05-08-234810-min-278x300.png\" alt=\"\" width=\"278\" height=\"300\" srcset=\"https:\/\/radiovilardevoz.org\/wp-content\/uploads\/2025\/05\/Captura-de-pantalla-2025-05-08-234810-min-278x300.png 278w, https:\/\/radiovilardevoz.org\/wp-content\/uploads\/2025\/05\/Captura-de-pantalla-2025-05-08-234810-min.png 514w\" sizes=\"(max-width: 278px) 100vw, 278px\" \/><\/p>\n<p>El enlace a la publicaci\u00f3n de la UNESCO es el siguiente:\u00a0<a href=\"https:\/\/www.unesco.org\/es\/articles\/dia-mundial-de-la-radio-2024-celebrando-un-siglo-de-comunicacion-sonora-en-las-americas\" target=\"_blank\" rel=\"noopener noreferrer\">https:\/\/www.unesco.org\/es\/articles\/dia-mundial-de-la-radio-2024-celebrando-un-siglo-de-comunicacion-sonora-en-las-americas<\/a><\/p>\n<hr \/>\n<h4><strong>Libro \u00abLos montes de la loca\u00bb de Marisa Wagner<\/strong><\/h4>\n<p><img loading=\"lazy\" decoding=\"async\" class=\"foto\" src=\"https:\/\/radiovilardevoz.org\/wp-content\/uploads\/2024\/09\/los-montes-de-la-loca-min-300x225.jpeg\" alt=\"\" width=\"300\" height=\"225\" \/><\/p>\n<p><img loading=\"lazy\" decoding=\"async\" class=\"foto\" src=\"https:\/\/radiovilardevoz.org\/wp-content\/uploads\/2024\/09\/soy-marisa-wagner-min-300x140.jpg\" alt=\"\" width=\"300\" height=\"140\" \/><\/p>\n<p>Marisa Wagner naci\u00f3 en Huanguel\u00e9n, provincia de Buenos Aires. Su vida transcurri\u00f3 por<br \/>\ninagotables experiencias inundadas de alegr\u00edas y tristezas. Inici\u00f3 la carrera de Psicolog\u00eda, milit\u00f3 en pol\u00edtica, fue madre, amante. Jug\u00f3 entre la cordura y la locura. En este ir y venir incursion\u00f3 en el dibujo, el teatro y la poes\u00eda, todo ello con un gran caudal de creatividad. Pero Marisa Wagner no necesita presentaci\u00f3n, esta obra es una autobiograf\u00eda. En ella relata desde la emoci\u00f3n y una profunda ideolog\u00eda, sus m\u00e1s \u00edntimas vivencias.<br \/>\n\u00bfPor qu\u00e9 necesitamos a los poetas? Y \u00bfqu\u00e9 le agradecemos a esos trabajadores del mundo<br \/>\nimaginario, que a veces nos son imprescindibles para entendernos a nosotros mismos?<br \/>\nAhora arriesgo una explicaci\u00f3n: los necesitamos porque nos permiten acercar a los temas m\u00e1s profundos y m\u00e1s antiguos de nuestra memoria, de nuestra vida.<br \/>\nNos permiten entender lo incomprensible desde lo racional, la muerte, la locura y el amor, que cuando se mezclan generan sufrimiento y goce. Nos llevan de la mano de las palabras a nuestros recuerdos infantiles, all\u00ed, en aquel pa\u00eds tan lejano y olvidado pero tan necesario para entender los absurdos de la existencia, como la muerte, el infinito y tambi\u00e9n los terremotos del amor que hacen caer edificios enteros del alma. Los poetas son imprescindibles y Marisa, por sus experiencias existenciales l\u00edmites, nos puede ayudar a entender lo inentendible: el amor, la locura y la muerte.<br \/>\n(ALFREDO MOFFATT)<\/p>\n<p>De aqu\u00ed descarga el libro: <a href=\"https:\/\/radiovilardevoz.org\/wp-content\/uploads\/2024\/09\/Montes-de-la-Loca-Marisa-Wagner.pdf\" target=\"_blanck\" rel=\"noopener noreferrer\"><strong>Montes de la Loca Marisa Wagner<\/strong><\/a><\/p>\n<hr \/>\n<h5>Vilardevoz: una trayectoria colectiva es el libro de Vilardevoz publicado en el 2024.<\/h5>\n<p><img loading=\"lazy\" decoding=\"async\" class=\"foto\" src=\"https:\/\/radiovilardevoz.org\/wp-content\/uploads\/2024\/07\/IMG_2807-300x200.jpeg\" alt=\"\" width=\"300\" height=\"200\" \/><\/p>\n<p>Descarga del libro aqu\u00ed debajo:<\/p>\n<p><a href=\"https:\/\/radiovilardevoz.org\/wp-content\/uploads\/2024\/07\/vilardevozunatrayectoriacolectiva.pdf\" target=\"_blanck\" rel=\"noopener noreferrer\"><strong>Vilardevoz una trayectoria colectiva<\/strong><\/a><\/p>\n<hr \/>\n<h5><\/h5>\n<h5>Libros sobre Antipsiquiatr\u00eda de Thomas Szasz<\/h5>\n<p><strong><a href=\"https:\/\/radiovilardevoz.org\/wp-content\/uploads\/2024\/06\/El-mito-de-la-enfermedad-mental-Thomas-Szasz.pdf\" target=\"_blanck\" rel=\"noopener noreferrer\">El mito de la enfermedad mental &#8211; Thomas Szasz<\/a><\/strong><\/p>\n<p><strong><a href=\"https:\/\/radiovilardevoz.org\/wp-content\/uploads\/2024\/06\/El-mito-de-la-psicoterapia-Thomas-Szasz.pdf\" target=\"_blanck\" rel=\"noopener noreferrer\">El mito de la psicoterapia &#8211; Thomas Szasz<\/a><\/strong><\/p>\n<p><a href=\"https:\/\/radiovilardevoz.org\/wp-content\/uploads\/2024\/06\/El-segundo-pecado-Thomas-Szasz.pdf\" target=\"_blanck\" rel=\"noopener noreferrer\"><strong>El segundo pecado &#8211; Thomas Szasz<\/strong><\/a><\/p>\n<div class=\"pvc_clear\"><\/div>\n<p id=\"pvc_stats_507\" class=\"pvc_stats all  \" data-element-id=\"507\" style=\"\"><i class=\"pvc-stats-icon large\" aria-hidden=\"true\"><svg aria-hidden=\"true\" focusable=\"false\" data-prefix=\"far\" data-icon=\"chart-bar\" role=\"img\" xmlns=\"http:\/\/www.w3.org\/2000\/svg\" viewBox=\"0 0 512 512\" class=\"svg-inline--fa fa-chart-bar fa-w-16 fa-2x\"><path fill=\"currentColor\" d=\"M396.8 352h22.4c6.4 0 12.8-6.4 12.8-12.8V108.8c0-6.4-6.4-12.8-12.8-12.8h-22.4c-6.4 0-12.8 6.4-12.8 12.8v230.4c0 6.4 6.4 12.8 12.8 12.8zm-192 0h22.4c6.4 0 12.8-6.4 12.8-12.8V140.8c0-6.4-6.4-12.8-12.8-12.8h-22.4c-6.4 0-12.8 6.4-12.8 12.8v198.4c0 6.4 6.4 12.8 12.8 12.8zm96 0h22.4c6.4 0 12.8-6.4 12.8-12.8V204.8c0-6.4-6.4-12.8-12.8-12.8h-22.4c-6.4 0-12.8 6.4-12.8 12.8v134.4c0 6.4 6.4 12.8 12.8 12.8zM496 400H48V80c0-8.84-7.16-16-16-16H16C7.16 64 0 71.16 0 80v336c0 17.67 14.33 32 32 32h464c8.84 0 16-7.16 16-16v-16c0-8.84-7.16-16-16-16zm-387.2-48h22.4c6.4 0 12.8-6.4 12.8-12.8v-70.4c0-6.4-6.4-12.8-12.8-12.8h-22.4c-6.4 0-12.8 6.4-12.8 12.8v70.4c0 6.4 6.4 12.8 12.8 12.8z\" class=\"\"><\/path><\/svg><\/i> <img loading=\"lazy\" decoding=\"async\" width=\"16\" height=\"16\" alt=\"Loading\" src=\"https:\/\/radiovilardevoz.org\/wp-content\/plugins\/page-views-count\/ajax-loader-2x.gif\" border=0 \/><\/p>\n<div class=\"pvc_clear\"><\/div>\n","protected":false},"excerpt":{"rendered":"<p>Libro de Cecilia Baroni Una cartograf\u00eda antimanicomial Historias de la locura en Uruguay (1985-2017) Baroni_Una_cartografi\u0301a_antimanicomial_PSI-1 &nbsp; Princesa Inca Poeta Lugar de nacimiento: Barcelona, Espa\u00f1a Web:\u00a0https:\/\/laprincesainca.blogspot.com\/ Biograf\u00eda Princesa Inca (Cristina Mart\u00edn)&hellip; <\/p>\n<div class=\"pvc_clear\"><\/div>\n<p id=\"pvc_stats_507\" class=\"pvc_stats all  \" data-element-id=\"507\" style=\"\"><i class=\"pvc-stats-icon large\" aria-hidden=\"true\"><svg aria-hidden=\"true\" focusable=\"false\" data-prefix=\"far\" data-icon=\"chart-bar\" role=\"img\" xmlns=\"http:\/\/www.w3.org\/2000\/svg\" viewBox=\"0 0 512 512\" class=\"svg-inline--fa fa-chart-bar fa-w-16 fa-2x\"><path fill=\"currentColor\" d=\"M396.8 352h22.4c6.4 0 12.8-6.4 12.8-12.8V108.8c0-6.4-6.4-12.8-12.8-12.8h-22.4c-6.4 0-12.8 6.4-12.8 12.8v230.4c0 6.4 6.4 12.8 12.8 12.8zm-192 0h22.4c6.4 0 12.8-6.4 12.8-12.8V140.8c0-6.4-6.4-12.8-12.8-12.8h-22.4c-6.4 0-12.8 6.4-12.8 12.8v198.4c0 6.4 6.4 12.8 12.8 12.8zm96 0h22.4c6.4 0 12.8-6.4 12.8-12.8V204.8c0-6.4-6.4-12.8-12.8-12.8h-22.4c-6.4 0-12.8 6.4-12.8 12.8v134.4c0 6.4 6.4 12.8 12.8 12.8zM496 400H48V80c0-8.84-7.16-16-16-16H16C7.16 64 0 71.16 0 80v336c0 17.67 14.33 32 32 32h464c8.84 0 16-7.16 16-16v-16c0-8.84-7.16-16-16-16zm-387.2-48h22.4c6.4 0 12.8-6.4 12.8-12.8v-70.4c0-6.4-6.4-12.8-12.8-12.8h-22.4c-6.4 0-12.8 6.4-12.8 12.8v70.4c0 6.4 6.4 12.8 12.8 12.8z\" class=\"\"><\/path><\/svg><\/i> <img loading=\"lazy\" decoding=\"async\" width=\"16\" height=\"16\" alt=\"Loading\" src=\"https:\/\/radiovilardevoz.org\/wp-content\/plugins\/page-views-count\/ajax-loader-2x.gif\" border=0 \/><\/p>\n<div class=\"pvc_clear\"><\/div>\n","protected":false},"author":4,"featured_media":0,"parent":0,"menu_order":0,"comment_status":"closed","ping_status":"closed","template":"","meta":{"footnotes":""},"class_list":["post-507","page","type-page","status-publish","hentry"],"_links":{"self":[{"href":"https:\/\/radiovilardevoz.org\/index.php?rest_route=\/wp\/v2\/pages\/507","targetHints":{"allow":["GET"]}}],"collection":[{"href":"https:\/\/radiovilardevoz.org\/index.php?rest_route=\/wp\/v2\/pages"}],"about":[{"href":"https:\/\/radiovilardevoz.org\/index.php?rest_route=\/wp\/v2\/types\/page"}],"author":[{"embeddable":true,"href":"https:\/\/radiovilardevoz.org\/index.php?rest_route=\/wp\/v2\/users\/4"}],"replies":[{"embeddable":true,"href":"https:\/\/radiovilardevoz.org\/index.php?rest_route=%2Fwp%2Fv2%2Fcomments&post=507"}],"version-history":[{"count":120,"href":"https:\/\/radiovilardevoz.org\/index.php?rest_route=\/wp\/v2\/pages\/507\/revisions"}],"predecessor-version":[{"id":3041,"href":"https:\/\/radiovilardevoz.org\/index.php?rest_route=\/wp\/v2\/pages\/507\/revisions\/3041"}],"wp:attachment":[{"href":"https:\/\/radiovilardevoz.org\/index.php?rest_route=%2Fwp%2Fv2%2Fmedia&parent=507"}],"curies":[{"name":"wp","href":"https:\/\/api.w.org\/{rel}","templated":true}]}}